{"id":23,"date":"2025-06-09T09:04:47","date_gmt":"2025-06-09T09:04:47","guid":{"rendered":"https:\/\/indius-morell.dk\/?page_id=23"},"modified":"2025-11-09T19:02:40","modified_gmt":"2025-11-09T19:02:40","slug":"program","status":"publish","type":"page","link":"https:\/\/indius-morell.dk\/index.php\/program\/","title":{"rendered":"Program"},"content":{"rendered":"\n<div class=\"wp-block-buttons is-layout-flex wp-block-buttons-is-layout-flex\">\n<div class=\"wp-block-button\"><a class=\"wp-block-button__link wp-element-button\" href=\"#Vielsen2\">Vielsen<\/a><\/div>\n\n\n\n<div class=\"wp-block-button\"><a class=\"wp-block-button__link wp-element-button\" href=\"#Torsdag\">Torsdag<\/a><\/div>\n\n\n\n<div class=\"wp-block-button\"><a class=\"wp-block-button__link wp-element-button\" href=\"#Fredag\">Fredag<\/a><\/div>\n\n\n\n<div class=\"wp-block-button\"><a class=\"wp-block-button__link wp-element-button\" href=\"#L\u00f8rdag\">L\u00f8rdag<\/a><\/div>\n\n\n\n<div class=\"wp-block-button\"><a class=\"wp-block-button__link wp-element-button\" href=\"#S\u00f8ndag\">S\u00f8ndag<\/a><\/div>\n<\/div>\n\n\n\n<h2 class=\"wp-block-heading\" id=\"Vielsen2\">Vielsen<\/h2>\n\n\n\n<p class=\"wp-block-paragraph\">Programmet vil blive opdateret l\u00f8bende.<\/p>\n\n\n\n<p class=\"wp-block-paragraph\">Vi skal vies l\u00f8rdag d. 29.11 kl. 14.00, p\u00e5 Det Gamle R\u00e5dhus i Thisted, Store Torv 4 &#8211; 1. sal, 7700 Thisted.<\/p>\n\n\n\n<p class=\"wp-block-paragraph\">Vielsen tager ca. 20 min.<\/p>\n\n\n\n<p class=\"wp-block-paragraph\"><\/p>\n\n\n\n<p class=\"has-large-font-size wp-block-paragraph\">Dagsprogrammer<\/p>\n\n\n\n<h2 class=\"wp-block-heading\" id=\"Torsdag\">Torsdag<\/h2>\n\n\n\n<p class=\"wp-block-paragraph\">Torsdag er det muligt for familien at ankomme. D\u00f8rene er \u00e5bne hele dagen, s\u00e5 i kan komme n\u00e5r det passer jer bedst! Om aftenen h\u00e5ber vi at I vil v\u00e6re med til at spise sammen.<\/p>\n\n\n\n<h2 class=\"wp-block-heading\" id=\"Fredag\">Fredag<\/h2>\n\n\n\n<p class=\"wp-block-paragraph\">Fredag er d\u00f8rene \u00e5bne for alle g\u00e6ster &#8211; her kan i komme n\u00e5r det passer jer bedst! <\/p>\n\n\n\n<h2 class=\"wp-block-heading\" id=\"L\u00f8rdag\">L\u00f8rdag<\/h2>\n\n\n\n<p class=\"wp-block-paragraph\">L\u00f8rdag skal vi giftes! Efter vielsen p\u00e5 Thisted R\u00e5dhus,  serverer vi en let anretning, og s\u00e5 er der forsat mulighed for at benytte alle husets faciliteter &#8211; s\u00e5 hvis man vil i poolen, spille dart eller have en lur er der rig mulighed for det.<br>Om aftenen er der bryllupsmiddag\/fest hvor der selvf\u00f8lgelig vil v\u00e6re l\u00e6kker mad og drikke.<\/p>\n\n\n\n<figure class=\"wp-block-image size-large\"><img loading=\"lazy\" decoding=\"async\" width=\"1024\" height=\"1019\" src=\"https:\/\/indius-morell.dk\/wp-content\/uploads\/2025\/11\/IMG_0034-1024x1019.jpeg\" alt=\"\" class=\"wp-image-280\" srcset=\"https:\/\/indius-morell.dk\/wp-content\/uploads\/2025\/11\/IMG_0034-1024x1019.jpeg 1024w, https:\/\/indius-morell.dk\/wp-content\/uploads\/2025\/11\/IMG_0034-300x298.jpeg 300w, https:\/\/indius-morell.dk\/wp-content\/uploads\/2025\/11\/IMG_0034-150x150.jpeg 150w, https:\/\/indius-morell.dk\/wp-content\/uploads\/2025\/11\/IMG_0034-768x764.jpeg 768w, https:\/\/indius-morell.dk\/wp-content\/uploads\/2025\/11\/IMG_0034-100x100.jpeg 100w, https:\/\/indius-morell.dk\/wp-content\/uploads\/2025\/11\/IMG_0034.jpeg 1317w\" sizes=\"auto, (max-width: 767px) 89vw, (max-width: 1000px) 54vw, (max-width: 1071px) 543px, 580px\" \/><\/figure>\n\n\n\n<p class=\"wp-block-paragraph\"><\/p>\n\n\n\n<h2 class=\"wp-block-heading\" id=\"S\u00f8ndag\">S\u00f8ndag<\/h2>\n\n\n\n<p class=\"wp-block-paragraph\">Vi siger tak for en fantastisk fejring med en l\u00e6kker brunch som vi h\u00e5ber alle kan v\u00e6re oppe til \ud83d\ude09<\/p>\n\n\n\n<p class=\"wp-block-paragraph\"><\/p>\n","protected":false},"excerpt":{"rendered":"<p>Vielsen Programmet vil blive opdateret l\u00f8bende. Vi skal vies l\u00f8rdag d. 29.11 kl. 14.00, p\u00e5 Det Gamle R\u00e5dhus i Thisted, Store Torv 4 &#8211; 1. sal, 7700 Thisted. Vielsen tager ca. 20 min. Dagsprogrammer Torsdag Torsdag er det muligt for familien at ankomme. D\u00f8rene er \u00e5bne hele dagen, s\u00e5 i kan komme n\u00e5r det passer &hellip; <\/p>\n<p class=\"link-more\"><a href=\"https:\/\/indius-morell.dk\/index.php\/program\/\" class=\"more-link\">L\u00e6s videre<span class=\"screen-reader-text\"> &#8220;Program&#8221;<\/span><\/a><\/p>\n","protected":false},"author":1,"featured_media":63,"parent":0,"menu_order":0,"comment_status":"closed","ping_status":"closed","template":"","meta":{"ngg_post_thumbnail":0,"footnotes":""},"class_list":["post-23","page","type-page","status-publish","has-post-thumbnail","hentry"],"_links":{"self":[{"href":"https:\/\/indius-morell.dk\/index.php\/wp-json\/wp\/v2\/pages\/23","targetHints":{"allow":["GET"]}}],"collection":[{"href":"https:\/\/indius-morell.dk\/index.php\/wp-json\/wp\/v2\/pages"}],"about":[{"href":"https:\/\/indius-morell.dk\/index.php\/wp-json\/wp\/v2\/types\/page"}],"author":[{"embeddable":true,"href":"https:\/\/indius-morell.dk\/index.php\/wp-json\/wp\/v2\/users\/1"}],"replies":[{"embeddable":true,"href":"https:\/\/indius-morell.dk\/index.php\/wp-json\/wp\/v2\/comments?post=23"}],"version-history":[{"count":11,"href":"https:\/\/indius-morell.dk\/index.php\/wp-json\/wp\/v2\/pages\/23\/revisions"}],"predecessor-version":[{"id":282,"href":"https:\/\/indius-morell.dk\/index.php\/wp-json\/wp\/v2\/pages\/23\/revisions\/282"}],"wp:featuredmedia":[{"embeddable":true,"href":"https:\/\/indius-morell.dk\/index.php\/wp-json\/wp\/v2\/media\/63"}],"wp:attachment":[{"href":"https:\/\/indius-morell.dk\/index.php\/wp-json\/wp\/v2\/media?parent=23"}],"curies":[{"name":"wp","href":"https:\/\/api.w.org\/{rel}","templated":true}]}}